{"id":36,"date":"2024-05-24T15:02:49","date_gmt":"2024-05-24T13:02:49","guid":{"rendered":"http:\/\/svf31470.fr\/?page_id=36"},"modified":"2026-03-08T23:04:59","modified_gmt":"2026-03-08T22:04:59","slug":"a-propos","status":"publish","type":"page","link":"http:\/\/svf31470.fr\/?page_id=36","title":{"rendered":"A propos"},"content":{"rendered":"\n<div class=\"wp-block-cover alignfull is-light\" style=\"margin-top:0;margin-bottom:0;padding-top:0px;padding-bottom:80px;min-height:300px;aspect-ratio:unset;\"><img decoding=\"async\" class=\"wp-block-cover__image-background wp-image-4206\" alt=\"\" src=\"https:\/\/tyler.com\/wp-content\/uploads\/2023\/12\/surf-banner1.jpg\" style=\"object-position:100% 50%\" data-object-fit=\"cover\" data-object-position=\"100% 50%\"\/><span aria-hidden=\"true\" class=\"wp-block-cover__background has-background-dim-0 has-background-dim\" style=\"background-color:#e9ceb0\"><\/span><div class=\"wp-block-cover__inner-container has-global-padding is-layout-constrained wp-container-core-cover-is-layout-d4c6b484 wp-block-cover-is-layout-constrained\">\n<div style=\"height:150px\" aria-hidden=\"true\" class=\"wp-block-spacer\"><\/div>\n\n\n\n<h1 class=\"wp-block-heading has-text-align-center has-text-color has-link-color has-suranna-font-family wp-elements-69058f4af9c11b6a8a5949686d31afe8\" style=\"color:#ffffff;font-size:clamp(38.682px, 2.418rem + ((1vw - 3.2px) * 3.786), 72px);font-style:normal;font-weight:500\">Les sportifs volontaires <br>de Fontenilles !<\/h1>\n<\/div><\/div>\n\n\n\n<section class=\"wp-block-group alignfull has-global-padding is-layout-constrained wp-container-core-group-is-layout-608bbd49 wp-block-group-is-layout-constrained\" style=\"margin-top:0px;padding-top:6rem;padding-right:1rem;padding-bottom:5rem;padding-left:1rem;font-size:clamp(0.875rem, 0.875rem + ((1vw - 0.2rem) * 0.464), 1.13rem);font-style:normal;font-weight:400;line-height:1.4\">\n<div class=\"wp-block-columns is-layout-flex wp-container-core-columns-is-layout-03ad6a19 wp-block-columns-is-layout-flex\" style=\"margin-bottom:0px\">\n<div class=\"wp-block-column is-vertically-aligned-center is-layout-flow wp-block-column-is-layout-flow\" style=\"flex-basis:50%\">\n<figure class=\"wp-block-image alignleft size-full\"><img loading=\"lazy\" decoding=\"async\" width=\"1280\" height=\"2560\" src=\"http:\/\/svf31470.fr\/wp-content\/uploads\/2026\/03\/Association-sport-fontenilles-scaled.png\" alt=\"\" class=\"wp-image-236\" style=\"aspect-ratio:9\/16;object-fit:cover\" srcset=\"http:\/\/svf31470.fr\/wp-content\/uploads\/2026\/03\/Association-sport-fontenilles-scaled.png 1280w, http:\/\/svf31470.fr\/wp-content\/uploads\/2026\/03\/Association-sport-fontenilles-150x300.png 150w, http:\/\/svf31470.fr\/wp-content\/uploads\/2026\/03\/Association-sport-fontenilles-512x1024.png 512w, http:\/\/svf31470.fr\/wp-content\/uploads\/2026\/03\/Association-sport-fontenilles-768x1536.png 768w, http:\/\/svf31470.fr\/wp-content\/uploads\/2026\/03\/Association-sport-fontenilles-1024x2048.png 1024w\" sizes=\"auto, (max-width: 1280px) 100vw, 1280px\" \/><\/figure>\n<\/div>\n\n\n\n<div class=\"wp-block-column is-vertically-aligned-center has-global-padding is-layout-constrained wp-container-core-column-is-layout-c4a7d96a wp-block-column-is-layout-constrained\" style=\"flex-basis:50%\">\n<h3 class=\"wp-block-heading has-text-align-left has-text-color has-suranna-font-family\" style=\"color:#000000;margin-top:0.5rem;margin-bottom:1.5rem;font-size:clamp(24.034px, 1.502rem + ((1vw - 3.2px) * 1.814), 40px);font-style:normal;font-weight:500;letter-spacing:0px;line-height:1.3\">Qui sommes-nous ?<\/h3>\n\n\n\n<p style=\"margin-top:var(--wp--preset--spacing--30);margin-bottom:var(--wp--preset--spacing--30)\"><strong>L\u2019association des sportifs volontaires de Fontenilles est n\u00e9e en 2015 <\/strong>sous l&rsquo;impulsion de Sylvie Turillon qui proposait b\u00e9n\u00e9volement des cours \u00e0 la maison des loisirs de Fontenilles.&nbsp;<\/p>\n\n\n\n<p style=\"padding-top:var(--wp--preset--spacing--20);padding-bottom:var(--wp--preset--spacing--20)\">Face au succ\u00e8s de ces premiers cours, un bureau s\u2019est progressivement constitu\u00e9 pour structurer l\u2019association, recruter de nouveaux intervenants, proposer davantage de cours et de cr\u00e9neaux horaires.&nbsp;<\/p>\n\n\n\n<p style=\"padding-top:var(--wp--preset--spacing--30);padding-bottom:var(--wp--preset--spacing--30)\">En 2021\/2022, l\u2019association comptait environ 80 adh\u00e9rents. C\u2019est d\u2019ailleurs \u00e0 cette \u00e9poque que se d\u00e9veloppent les <strong>cours de l\u2019A3S (Sport Sant\u00e9 S\u00e9niors)<\/strong>, en r\u00e9ponse \u00e0 une v\u00e9ritable demande de la part des s\u00e9niors.&nbsp;<\/p>\n\n\n\n<p style=\"padding-top:var(--wp--preset--spacing--30);padding-bottom:var(--wp--preset--spacing--30)\"><strong>Aujourd\u2019hui, l\u2019association propose une douzaine de cours avec des cr\u00e9neaux horaires vari\u00e9s<\/strong> pour r\u00e9pondre \u00e0 toutes les envies et tous les emplois du temps ! Du <strong>Cross-training<\/strong> au <strong>Pilates<\/strong>, en passant par du <strong>cardio<\/strong> ou du <strong>postural-ball<\/strong>, vous trouverez forc\u00e9ment le cours fait pour vous !<\/p>\n\n\n\n<p>\u2013&nbsp;<\/p>\n\n\n\n<p style=\"padding-top:var(--wp--preset--spacing--30);padding-bottom:var(--wp--preset--spacing--30)\">Notre association est <strong>affili\u00e9e \u00e0 la F\u00e9d\u00e9ration Fran\u00e7aise d&rsquo;\u00c9ducation Physique et de Gymnastique Volontaire (FFEPGV)<\/strong>, f\u00e9d\u00e9ration multisports non comp\u00e9titive. Cette affiliation garantit un <strong>encadrement de qualit\u00e9 : toutes nos animatrices sont dipl\u00f4m\u00e9es d\u2019\u00c9tat<\/strong> et titulaires des certifications correspondant aux activit\u00e9s qu\u2019elles enseignent. Les animatrices sont r\u00e9mun\u00e9r\u00e9es ; l\u2019encadrement n\u2019est pas assur\u00e9 par des b\u00e9n\u00e9voles.<\/p>\n\n\n\n<p style=\"padding-top:var(--wp--preset--spacing--30);padding-bottom:var(--wp--preset--spacing--30)\">D&rsquo;ailleurs aujourd&rsquo;hui, Sylvie, notre fondatrice, propose toujours des cours de pilates en tant qu&rsquo;animatrice ! Vous pourrez la retrouvez le mardi et mercredi matin, et le vendredi soir !<\/p>\n<\/div>\n<\/div>\n\n\n\n<div class=\"wp-block-columns is-layout-flex wp-container-core-columns-is-layout-28f84493 wp-block-columns-is-layout-flex\">\n<div class=\"wp-block-column is-layout-flow wp-block-column-is-layout-flow\">\n<figure class=\"wp-block-image size-large\"><a href=\"http:\/\/svf31470.fr\/wp-content\/uploads\/2026\/01\/Planning-2026.pdf\"><img decoding=\"async\" src=\"http:\/\/svf31470.fr\/wp-content\/uploads\/2026\/03\/planning-sport-fontenilles-1024x662.png\" alt=\"\" class=\"wp-image-237\"\/><\/a><\/figure>\n<\/div>\n\n\n\n<div class=\"wp-block-column is-layout-flow wp-block-column-is-layout-flow\">\n<h3 class=\"wp-block-heading\" style=\"font-size:clamp(24.034px, 1.502rem + ((1vw - 3.2px) * 1.814), 40px);font-style:normal;font-weight:600\">Infos pratiques<\/h3>\n\n\n\n<p style=\"padding-top:var(--wp--preset--spacing--30);padding-bottom:var(--wp--preset--spacing--30)\">L\u2019association fonctionne selon le calendrier scolaire, de septembre \u00e0 fin juin (ou d\u00e9but juillet). Aucun cours n\u2019est dispens\u00e9 pendant les vacances scolaires.<\/p>\n\n\n\n<p style=\"padding-top:var(--wp--preset--spacing--30);padding-bottom:var(--wp--preset--spacing--30)\">\u00c0 Fontenilles, nous croyons en la cr\u00e9ation d&rsquo;un environnement favorable et inclusif o\u00f9 chacun peut trouver l&rsquo;activit\u00e9 qui lui correspond. <\/p>\n\n\n\n<p class=\"has-text-align-left has-text-color has-pontano-sans-font-family\" style=\"color:#000000;margin-top:20px;margin-bottom:20px;font-size:clamp(14px, 0.875rem + ((1vw - 3.2px) * 0.455), 18px);font-style:normal;font-weight:400;line-height:1.5\">REJOIGNEZ-NOUS, on s&rsquo;amuse bien !<\/p>\n\n\n\n<div class=\"wp-block-buttons is-horizontal is-content-justification-left is-layout-flex wp-container-core-buttons-is-layout-2c34cf1c wp-block-buttons-is-layout-flex\" style=\"margin-top:0.51rem\">\n<div class=\"wp-block-button has-custom-width wp-block-button__width-50 is-style-fill\"><a class=\"wp-block-button__link has-text-color has-background has-pontano-sans-font-family has-custom-font-size wp-element-button\" href=\"http:\/\/svf31470.fr\/?page_id=40\" style=\"border-style:none;border-width:0px;border-radius:0rem;color:#fffffd;background-color:#e27013;padding-top:0.71rem;padding-right:0.31rem;padding-bottom:0.71rem;padding-left:0.31rem;font-size:clamp(0.875rem, 0.875rem + ((1vw - 0.2rem) * 0.245), 1.01rem);font-style:normal;font-weight:600;letter-spacing:1px;line-height:1.5;text-transform:uppercase\">Rejoignez-nous<\/a><\/div>\n<\/div>\n<\/div>\n<\/div>\n<\/section>\n\n\n\n<div class=\"wp-block-cover alignfull is-light\" style=\"padding-top:6rem;padding-bottom:6rem\"><span aria-hidden=\"true\" class=\"wp-block-cover__background has-background-dim-10 has-background-dim\" style=\"background-color:#e27013\"><\/span><div class=\"wp-block-cover__inner-container has-global-padding is-layout-constrained wp-container-core-cover-is-layout-5cbdda46 wp-block-cover-is-layout-constrained\">\n<h2 class=\"wp-block-heading has-text-align-center has-text-color has-link-color has-suranna-font-family wp-elements-1e8742a00669ff28752ce31b93a8214b\" style=\"color:#000000;font-size:clamp(24.034px, 1.502rem + ((1vw - 3.2px) * 1.814), 40px);font-style:normal;font-weight:500;letter-spacing:1px\">Depuis 10 ans \u00e0 Fontenilles<\/h2>\n\n\n\n<p class=\"has-text-align-center has-text-color has-link-color wp-elements-6ab7d9acaf0a02519317854c2f624d4d\" style=\"color:#000000;font-size:clamp(14px, 0.875rem + ((1vw - 3.2px) * 0.455), 18px);\">\u00c9tablie au c\u0153ur de Fontenilles, notre association de fitness est une pierre angulaire de la communaut\u00e9 depuis des ann\u00e9es. Ce qui n&rsquo;\u00e9tait au d\u00e9part qu&rsquo;un petit groupe de passionn\u00e9s de fitness s&rsquo;est transform\u00e9 en un centre dynamique de cours de gym volontaires. Nous sommes fiers d&rsquo;avoir cr\u00e9\u00e9 un espace diversifi\u00e9 et accueillant o\u00f9 des personnes de tous niveaux et de tous \u00e2ges peuvent s&rsquo;\u00e9panouir. <\/p>\n\n\n\n<div class=\"wp-block-buttons is-horizontal is-content-justification-center is-layout-flex wp-container-core-buttons-is-layout-bb07f847 wp-block-buttons-is-layout-flex\" style=\"margin-top:30px\">\n<div class=\"wp-block-button has-custom-width wp-block-button__width-25 is-style-fill\"><a class=\"wp-block-button__link has-text-color has-background has-pontano-sans-font-family has-custom-font-size wp-element-button\" href=\"http:\/\/svf31470.fr\/?page_id=40\" style=\"border-style:none;border-width:0px;border-radius:0rem;color:#fffffd;background-color:#e27013;padding-top:0.71rem;padding-right:0.31rem;padding-bottom:0.71rem;padding-left:0.31rem;font-size:clamp(0.875rem, 0.875rem + ((1vw - 0.2rem) * 0.245), 1.01rem);font-style:normal;font-weight:600;letter-spacing:1px;line-height:1.5;text-transform:uppercase\">rejoignez-nous<\/a><\/div>\n<\/div>\n<\/div><\/div>\n\n\n\n<section class=\"wp-block-group alignfull has-global-padding is-layout-constrained wp-container-core-group-is-layout-8202059b wp-block-group-is-layout-constrained\" style=\"margin-top:0px;padding-top:6rem;padding-right:1rem;padding-bottom:6rem;padding-left:1rem;font-size:clamp(0.875rem, 0.875rem + ((1vw - 0.2rem) * 0.464), 1.13rem);font-style:normal;font-weight:400;line-height:1.4\">\n<div class=\"wp-block-columns is-layout-flex wp-container-core-columns-is-layout-03ad6a19 wp-block-columns-is-layout-flex\" style=\"margin-bottom:0px\">\n<div class=\"wp-block-column is-vertically-aligned-center has-global-padding is-layout-constrained wp-container-core-column-is-layout-c4a7d96a wp-block-column-is-layout-constrained\" style=\"flex-basis:50%\">\n<h3 class=\"wp-block-heading has-text-align-left has-text-color has-suranna-font-family\" style=\"color:#010101;margin-top:0.5rem;margin-bottom:0rem;font-size:clamp(24.034px, 1.502rem + ((1vw - 3.2px) * 1.814), 40px);font-style:normal;font-weight:500;letter-spacing:0px;line-height:1.3\">Notre engagement<\/h3>\n\n\n\n<p class=\"has-text-align-left has-text-color has-pontano-sans-font-family\" style=\"color:#010101;margin-top:20px;margin-bottom:20px;font-size:clamp(14px, 0.875rem + ((1vw - 3.2px) * 0.455), 18px);font-style:normal;font-weight:400;line-height:1.5\">Dans notre association de Fontenilles, nous nous engageons \u00e0 fournir des cours de gym de premi\u00e8re qualit\u00e9 en mettant l&rsquo;accent sur l&rsquo;attention personnalis\u00e9e et les conseils professionnels. Nous mettons l&rsquo;accent sur la cr\u00e9ation d&rsquo;une communaut\u00e9 solidaire et inclusive o\u00f9 chacun se sent capable de poursuivre son parcours de remise en forme. Notre engagement envers l&rsquo;excellence est \u00e9vident dans la gamme vari\u00e9e de cours que nous offrons, con\u00e7us pour r\u00e9pondre aux diff\u00e9rents niveaux de forme physique et aux pr\u00e9f\u00e9rences. Rejoignez-nous et faites l&rsquo;exp\u00e9rience de notre d\u00e9vouement in\u00e9branlable \u00e0 votre r\u00e9ussite sportive !<\/p>\n\n\n\n<div class=\"wp-block-buttons is-horizontal is-content-justification-left is-layout-flex wp-container-core-buttons-is-layout-2c34cf1c wp-block-buttons-is-layout-flex\" style=\"margin-top:0.51rem\">\n<div class=\"wp-block-button has-custom-width wp-block-button__width-50 is-style-fill\"><a class=\"wp-block-button__link has-text-color has-background has-pontano-sans-font-family has-custom-font-size wp-element-button\" href=\"#\" style=\"border-style:none;border-width:0px;border-radius:0rem;color:#fffffd;background-color:#e27013;padding-top:0.71rem;padding-right:0.31rem;padding-bottom:0.71rem;padding-left:0.31rem;font-size:clamp(0.875rem, 0.875rem + ((1vw - 0.2rem) * 0.245), 1.01rem);font-style:normal;font-weight:600;letter-spacing:1px;line-height:1.5;text-transform:uppercase\">en savoir plus<\/a><\/div>\n<\/div>\n<\/div>\n\n\n\n<div class=\"wp-block-column is-vertically-aligned-center is-layout-flow wp-block-column-is-layout-flow\" style=\"flex-basis:50%\">\n<figure class=\"wp-block-image alignright size-full has-custom-border\"><img decoding=\"async\" src=\"https:\/\/tyler.com\/wp-content\/uploads\/2023\/11\/Surf-About-3rd-Sec-Image.jpeg\" alt=\"\" class=\"has-border-color has-tertiary-border-color wp-image-2515\" style=\"border-width:1px;aspect-ratio:1;object-fit:cover\"\/><\/figure>\n<\/div>\n<\/div>\n<\/section>\n\n\n\n<section class=\"wp-block-cover alignfull\" style=\"margin-top:0px;padding-top:1.01rem;padding-bottom:1.01rem;min-height:430px;aspect-ratio:unset;\"><img decoding=\"async\" class=\"wp-block-cover__image-background wp-image-2516\" alt=\"\" src=\"https:\/\/tyler.com\/wp-content\/uploads\/2023\/11\/Surf-About-4th-Cover-Image.jpeg\" style=\"object-position:50% 51%\" data-object-fit=\"cover\" data-object-position=\"50% 51%\"\/><span aria-hidden=\"true\" class=\"wp-block-cover__background has-background-dim-0 has-background-dim\" style=\"background-color:#edf1f2\"><\/span><div class=\"wp-block-cover__inner-container has-global-padding is-layout-constrained wp-container-core-cover-is-layout-b1bebcb3 wp-block-cover-is-layout-constrained\">\n<div class=\"wp-block-group has-text-color is-layout-flow wp-block-group-is-layout-flow\" style=\"color:#fffffd;margin-top:0px;padding-top:0rem;padding-right:1rem;padding-bottom:0rem;padding-left:1rem;font-size:clamp(0.875rem, 0.875rem + ((1vw - 0.2rem) * 0.464), 1.13rem);font-style:normal;font-weight:400;line-height:1.4\">\n<div class=\"wp-block-group has-global-padding is-layout-constrained wp-container-core-group-is-layout-bdbfdc43 wp-block-group-is-layout-constrained\">\n<p class=\"has-text-align-center has-text-color\" style=\"color:#fffffd;margin-bottom:0rem;font-size:clamp(1.507rem, 1.507rem + ((1vw - 0.2rem) * 1.824), 2.51rem);font-style:normal;font-weight:400;line-height:1.2\">Donner \u00e0 notre communaut\u00e9 les moyens d&rsquo;agir gr\u00e2ce \u00e0 l&rsquo;excellence en mati\u00e8re de fitness.<\/p>\n<\/div>\n\n\n\n<div class=\"wp-block-group is-vertical is-content-justification-stretch is-layout-flex wp-container-core-group-is-layout-bfdebe91 wp-block-group-is-layout-flex\" style=\"margin-top:1.81rem;padding-right:0px;padding-left:0px\">\n<div class=\"wp-block-group has-global-padding is-content-justification-center is-layout-constrained wp-container-core-group-is-layout-2f0bcb29 wp-block-group-is-layout-constrained\" style=\"margin-top:0px\">\n<div class=\"wp-block-buttons is-horizontal is-content-justification-right is-layout-flex wp-container-core-buttons-is-layout-099266fd wp-block-buttons-is-layout-flex\" style=\"margin-top:0.51rem\">\n<div class=\"wp-block-button has-custom-width wp-block-button__width-100 is-style-fill\"><a class=\"wp-block-button__link has-text-color has-background has-custom-font-size wp-element-button\" href=\"http:\/\/svf31470.fr\/?page_id=40\" style=\"border-style:none;border-width:0px;border-radius:0rem;color:#fffffd;background-color:#e27013;padding-top:0.71rem;padding-right:0.31rem;padding-bottom:0.71rem;padding-left:0.31rem;font-size:clamp(0.875rem, 0.875rem + ((1vw - 0.2rem) * 0.245), 1.01rem);font-style:normal;font-weight:600;line-height:1.5;text-transform:uppercase\">rejoignez-nous<\/a><\/div>\n<\/div>\n<\/div>\n<\/div>\n<\/div>\n<\/div><\/section>\n","protected":false},"excerpt":{"rendered":"<p>Qui sommes-nous ? L\u2019association des sportifs volontaires de Fontenilles est n\u00e9e en 2015 sous l&rsquo;impulsion de Sylvie Turillon qui proposait b\u00e9n\u00e9volement des cours \u00e0 la maison des loisirs de Fontenilles.&nbsp; Face au succ\u00e8s de ces premiers cours, un bureau s\u2019est progressivement constitu\u00e9 pour structurer l\u2019association, recruter de nouveaux intervenants, proposer davantage de cours et de [&hellip;]<\/p>\n","protected":false},"author":1,"featured_media":0,"parent":0,"menu_order":0,"comment_status":"closed","ping_status":"closed","template":"","meta":{"footnotes":""},"class_list":["post-36","page","type-page","status-publish","hentry"],"_links":{"self":[{"href":"http:\/\/svf31470.fr\/index.php?rest_route=\/wp\/v2\/pages\/36","targetHints":{"allow":["GET"]}}],"collection":[{"href":"http:\/\/svf31470.fr\/index.php?rest_route=\/wp\/v2\/pages"}],"about":[{"href":"http:\/\/svf31470.fr\/index.php?rest_route=\/wp\/v2\/types\/page"}],"author":[{"embeddable":true,"href":"http:\/\/svf31470.fr\/index.php?rest_route=\/wp\/v2\/users\/1"}],"replies":[{"embeddable":true,"href":"http:\/\/svf31470.fr\/index.php?rest_route=%2Fwp%2Fv2%2Fcomments&post=36"}],"version-history":[{"count":8,"href":"http:\/\/svf31470.fr\/index.php?rest_route=\/wp\/v2\/pages\/36\/revisions"}],"predecessor-version":[{"id":242,"href":"http:\/\/svf31470.fr\/index.php?rest_route=\/wp\/v2\/pages\/36\/revisions\/242"}],"wp:attachment":[{"href":"http:\/\/svf31470.fr\/index.php?rest_route=%2Fwp%2Fv2%2Fmedia&parent=36"}],"curies":[{"name":"wp","href":"https:\/\/api.w.org\/{rel}","templated":true}]}}